{"id":43,"date":"2024-11-02T17:12:47","date_gmt":"2024-11-02T17:12:47","guid":{"rendered":"https:\/\/spn-silesia.org\/index.php\/kindergeld\/"},"modified":"2026-01-12T09:03:35","modified_gmt":"2026-01-12T09:03:35","slug":"kindergeld","status":"publish","type":"page","link":"https:\/\/spn-silesia.org\/index.php\/kindergeld\/","title":{"rendered":"Kindergeld"},"content":{"rendered":"\n    \n    <section class=\"skrollable u-clearfix u-container-align-center u-image u-parallax u-section-2\" id=\"sec-6f56\" data-image-width=\"5584\" data-image-height=\"3723\" style=\"background-image: url(&quot;https:\/\/spn-silesia.org\/wp-content\/uploads\/2024\/11\/1VoKOtaLnisKNrq8ZXBv6ItSYz3rSDznTVpgjwKSbUf2sE9QLOvxxbrbhaqJk.jpeg&quot;);\">\n      <div class=\"u-clearfix u-sheet u-sheet-1\"><\/div>\n    <\/section>\n    <section class=\"u-clearfix u-section-3\" id=\"sec-07cb\">\n      <div class=\"u-clearfix u-sheet u-sheet-1\">\n        <h2 class=\"u-text u-text-1\">Kindergeld<\/h2>\n        <div class=\"u-clearfix u-group-elements u-group-elements-1\">\n          <div class=\"u-flip-horizontal u-shape u-shape-svg u-text-black u-shape-1\">\n            <svg class=\"u-svg-link\" preserveAspectRatio=\"none\" viewBox=\"0 0 160 100\" style=\"\"><use xlink:href=\"#svg-5b60\"><\/use><\/svg>\n            <svg class=\"u-svg-content\" viewBox=\"0 0 160 100\" x=\"0px\" y=\"0px\" id=\"svg-5b60\"><path d=\"M100,0l60,100H0V0H100z\"><\/path><\/svg>\n          <\/div>\n          <div class=\"u-palette-2-base u-shape u-shape-rectangle u-shape-2\"><\/div>\n          <div class=\"u-flip-vertical u-shape u-shape-svg u-text-palette-3-base u-shape-3\">\n            <svg class=\"u-svg-link\" preserveAspectRatio=\"none\" viewBox=\"0 0 160 100\" style=\"\"><use xlink:href=\"#svg-f0b5\"><\/use><\/svg>\n            <svg class=\"u-svg-content\" viewBox=\"0 0 160 100\" x=\"0px\" y=\"0px\" id=\"svg-f0b5\"><path d=\"M100,0l60,100H0V0H100z\"><\/path><\/svg>\n          <\/div>\n        <\/div>\n      <\/div>\n    <\/section>\n    <section class=\"u-clearfix u-section-4\" id=\"sec-6d8a\">\n      <div class=\"u-clearfix u-sheet u-sheet-1\">\n        <p class=\"u-align-center u-large-text u-text u-text-variant u-text-1\" data-animation-name=\"customAnimationIn\" data-animation-duration=\"1000\" data-animation-delay=\"0\" data-animation-out=\"0\"> Od stycznia 2018 o Kindergeld mo\u017cna ubiega\u0107 si\u0119 za okres do 6 miesi\u0119cy\nwstecz<\/p>\n        <p class=\"u-align-justify u-text u-text-2\" data-animation-name=\"customAnimationIn\" data-animation-duration=\"1000\" data-animation-delay=\"0\" data-animation-out=\"0\"><span style=\"font-weight: 700;\">DLA KOGO\nZASI\u0141EK RODZINNY W NIEMCZECH (KINDERGELD)<\/span>\n          <br>\n          <br>Zasi\u0142ek rodzinny z Niemiec (Kindergeld),\nto forma \u015bwiadczenia wyp\u0142acanego przez niemieck\u0105 kas\u0119 rodzinn\u0105 (Familienkasse).\nZasi\u0142ek rodzinny przyznawany jest zar\u00f3wno\nna dzieci rodzone (leibliche Kinder), jak i przysposobione (adoptierte Kinder).\nIstnieje r\u00f3wnie\u017c mo\u017cliwo\u015b\u0107 otrzymania \u015bwiadczenia na dzieci wsp\u00f3\u0142ma\u0142\u017conka z\ninnego zwi\u0105zku (je\u017celi wszyscy mieszkaj\u0105 w jednym gospodarstwie domowym) oraz\ndzieci przybrane (die Pflegekinder), a nawet wnuki, je\u015bli opiek\u0119 prawn\u0105 nad\nnimi sprawuj\u0105 dziadkowie.&nbsp;<br>\n        <\/p>\n        <p class=\"u-align-justify u-text u-text-3\" data-animation-name=\"customAnimationIn\" data-animation-duration=\"1000\" data-animation-delay=\"0\" data-animation-out=\"0\"><span style=\"font-weight: 700;\"> KTO MO\u017bE\nUBIEGA\u0106 SI\u0118 O ZASI\u0141EK RODZINNY Z NIEMIEC<\/span>\n          <br>\n          <br>Zgodnie z ustaw\u0105 o podatku dochodowym\nobywatele niemieccy zasadniczo otrzymuj\u0105 Kindergeld, kiedy maj\u0105 swoje miejsce\nzamieszkania lub sta\u0142ego pobytu w Niemczech.<br>O zasi\u0142ek rodzinny w Niemczech\n(Kindergeld) mog\u0105 ubiega\u0107 si\u0119 r\u00f3wnie\u017c osoby:<br>\n        <\/p>\n        <ul class=\"u-align-justify u-text u-text-4\" data-animation-name=\"customAnimationIn\" data-animation-duration=\"1000\" data-animation-delay=\"0\" data-animation-out=\"0\">\n          <li><span style=\"font-weight: 700;\"><\/span>kt\u00f3re maj\u0105 na utrzymaniu dzieci, a\njednocze\u015bnie s\u0105 zatrudnione w Niemczech, gdzie odprowadzaj\u0105 sk\u0142adki na\nubezpieczenie socjalne i zdrowotne \n          <\/li>\n          <li> osoby, kt\u00f3re prowadz\u0105 w\u0142asn\u0105\ndzia\u0142alno\u015b\u0107 gospodarcz\u0105 na terenie Niemiec. <\/li>\n        <\/ul>\n        <p class=\"u-align-justify u-text u-text-5\" data-animation-name=\"customAnimationIn\" data-animation-duration=\"1000\" data-animation-delay=\"0\" data-animation-out=\"0\"><span style=\"font-weight: 700;\"><\/span>O przyznanie zasi\u0142ku mo\u017cna si\u0119 stara\u0107,\nkiedy dziecko:<br>\n        <\/p>\n        <ul class=\"u-align-justify u-text u-text-6\" data-animation-name=\"customAnimationIn\" data-animation-duration=\"1000\" data-animation-delay=\"0\" data-animation-out=\"0\">\n          <li><span style=\"font-weight: 700;\"><\/span>nie uko\u0144czy\u0142o jeszcze 18 lat, \n          <\/li>\n          <li> nie zako\u0144czy\u0142o\nedukacji \u2013 w\u00f3wczas do 25 roku \u017cycia. Kindergeld\nmo\u017cliwy jest na dziecko pe\u0142noletnie ucz\u0105ce si\u0119 ale jednocze\u015bnie pracuj\u0105ce pod\nwarunkiem, ze liczba godzin pracy w tygodniu nie przekracza 20 godzin, <\/li>\n          <li> bez ogranicze\u0144 wiekowych tak\u017ce po\nuko\u0144czeniu 25 roku \u017cycia <\/li>\n          <li> je\u017celi lekarz orzek\u0142 niepe\u0142nosprawno\u015b\u0107 dziecka zanim\nuko\u0144czy\u0142o 25 rok \u017cycia rok \u017cycia. Doch\u00f3d roczny osoby niepe\u0142nosprawnej nie mo\u017ce\nprzekroczy\u0107 9.168 Euro <\/li>\n        <\/ul>\n        <p class=\"u-align-justify u-text u-text-7\" data-animation-name=\"customAnimationIn\" data-animation-duration=\"1000\" data-animation-delay=\"0\" data-animation-out=\"0\"><span style=\"font-weight: 700;\"><\/span>Od poczatku 2024 pracownicy sezonowi,\nkontraktowi, osoby zatrudnione w Niemczech maja wstrzymany Kindergeld \u2013 sprawy\nnaszych klientow sa obecnie rozpatrywane przez sad.&nbsp;<br>\n        <\/p>\n        <p class=\"u-align-justify u-text u-text-8\" data-animation-name=\"customAnimationIn\" data-animation-duration=\"1000\" data-animation-delay=\"0\" data-animation-out=\"0\"><span style=\"font-weight: 700;\"><\/span>WYSOKO\u015a\u0106 KINDERGELD:<br>\n        <\/p>\n        <div class=\"custom-expanded u-table u-table-responsive u-table-1\">\n          <table class=\"u-table-entity\">\n            <colgroup>\n              <col width=\"33.3%\">\n              <col width=\"33.3%\">\n              <col width=\"33.400000000000006%\">\n            <\/colgroup>\n            <thead class=\"u-align-center u-palette-2-base u-table-header u-table-header-1\">\n              <tr style=\"height: 45px;\">\n                <th class=\"u-table-cell\">LICZBA DZIECI <\/th>\n                <th class=\"u-table-cell\">2025<\/th>\n                <th class=\"u-table-cell\">2026<\/th>\n              <\/tr>\n            <\/thead>\n            <tbody class=\"u-align-center u-table-alt-palette-2-light-3 u-table-body\">\n              <tr style=\"height: 45px;\">\n                <td class=\"u-border-1 u-border-grey-75 u-border-no-left u-border-no-right u-table-cell\">na ka\u017cde dziecko<\/td>\n                <td class=\"u-border-1 u-border-grey-75 u-border-no-left u-border-no-right u-table-cell\">255 \u20ac<\/td>\n                <td class=\"u-border-1 u-border-grey-75 u-border-no-left u-border-no-right u-table-cell\">259 \u20ac<\/td>\n              <\/tr>\n            <\/tbody>\n          <\/table>\n        <\/div>\n        <p class=\"u-align-justify u-text u-text-9\" data-animation-name=\"customAnimationIn\" data-animation-duration=\"1000\" data-animation-delay=\"0\" data-animation-out=\"0\"><span style=\"font-weight: 700;\"><\/span><b>OP\u0141ATY:<\/b>\n          <br>\n        <\/p>\n        <p class=\"u-align-justify u-text u-text-10\" data-animation-name=\"customAnimationIn\" data-animation-duration=\"1000\" data-animation-delay=\"0\" data-animation-out=\"0\"><span style=\"font-weight: 700;\"><\/span>Koszt z\u0142o\u017cenia\nwniosku zale\u017cy od ilo\u015bci posiadanych dzieci:<b><\/b>\n          <br>\n        <\/p>\n        <div class=\"u-table u-table-responsive u-table-2\">\n          <table class=\"u-table-entity\">\n            <colgroup>\n              <col width=\"50%\">\n              <col width=\"50%\">\n            <\/colgroup>\n            <thead class=\"u-align-center u-palette-2-base u-table-header u-table-header-2\">\n              <tr style=\"height: 47px;\">\n                <th class=\"u-border-1 u-border-grey-dark-1 u-border-no-left u-border-no-right u-table-cell\">DZIECI<\/th>\n                <th class=\"u-border-1 u-border-grey-dark-1 u-border-no-left u-border-no-right u-table-cell\">OP\u0141ATA <\/th>\n              <\/tr>\n            <\/thead>\n            <tbody class=\"u-align-center u-palette-2-light-3 u-table-alt-white u-table-body u-table-body-2\">\n              <tr style=\"height: 47px;\">\n                <td class=\"u-border-1 u-border-grey-dark-1 u-border-no-left u-border-no-right u-table-cell\">jedno<\/td>\n                <td class=\"u-border-1 u-border-grey-dark-1 u-border-no-left u-border-no-right u-table-cell\">120 \u20ac <\/td>\n              <\/tr>\n              <tr style=\"height: 47px;\">\n                <td class=\"u-border-1 u-border-grey-dark-1 u-border-no-left u-border-no-right u-table-cell\">dwoje i wi\u0119cej<\/td>\n                <td class=\"u-border-1 u-border-grey-dark-1 u-border-no-left u-border-no-right u-table-cell\"> 150 \u20ac<\/td>\n              <\/tr>\n              <tr style=\"height: 47px;\">\n                <td class=\"u-border-1 u-border-grey-dark-1 u-border-no-left u-border-no-right u-table-cell\">ankieta do sprawdzenia prawa do zasi\u0142ku<\/td>\n                <td class=\"u-border-1 u-border-grey-dark-1 u-border-no-left u-border-no-right u-table-cell\"> 80 \u20ac<\/td>\n              <\/tr>\n            <\/tbody>\n          <\/table>\n        <\/div>\n        <div class=\"u-table u-table-responsive u-table-3\">\n          <table class=\"u-table-entity\">\n            <colgroup>\n              <col width=\"100%\">\n            <\/colgroup>\n            <tbody class=\"u-align-center u-table-body u-table-body-3\">\n              <tr style=\"height: 47px;\">\n                <td class=\"u-border-1 u-border-grey-dark-1 u-border-no-left u-border-no-right u-table-cell\"> + \u200b15 \u20ac do 50 \u20ac&nbsp;dla os\u00f3b niekorzystaj\u0105cych z kompleksowych us\u0142ug <\/td>\n              <\/tr>\n            <\/tbody>\n          <\/table>\n        <\/div>\n        <p class=\"u-align-justify u-text u-text-11\" data-animation-name=\"customAnimationIn\" data-animation-duration=\"1000\" data-animation-delay=\"0\" data-animation-out=\"0\"><span style=\"font-weight: 700;\"><\/span><b><\/b><b>DOKUMENTY POTRZEBNE DO ROZLICZENIA:<\/b>\n          <br>\n        <\/p>\n        <ol class=\"u-align-justify u-text u-text-12\" data-animation-name=\"customAnimationIn\" data-animation-duration=\"1000\" data-animation-delay=\"0\" data-animation-out=\"0\">\n          <li><span style=\"font-weight: 700;\"><\/span><b>Ankieta personalna<\/b> \u2013\nprosz\u0119 wype\u0142ni\u0107 wszystkie pola i podpisa\u0107 si\u0119, \n          <\/li>\n          <li><b>Za\u0142\u0105cznik dziecko&nbsp;<\/b><b>do wniosku o zasi\u0142ek rodzinny<\/b> \u2013 prosz\u0119\nwype\u0142ni\u0107 wszystkie pola, \n          <\/li>\n          <li><b>Za\u015bwiadczenie \/&nbsp;<\/b>\n            <a href=\"#\" class=\"u-active-none u-border-none u-btn u-button-style u-hover-none u-none u-text-palette-1-base u-btn-1\"><span class=\"u-text-palette-2-base\"><b>Bescheinigung des Arbeitgebers<\/b><\/span>\n            <\/a> -\ndruk nale\u017cy podstemplowa\u0107 u pracodawcy. W przypadku zmian miejsc pracy (bud\u00f3w)\nprosz\u0119 o szczeg\u00f3\u0142owe zestawienie miejsc pracy od pracodawcy. Je\u017celi pracownik\njest oddelegowany do pracy w Niemczech nale\u017cy za\u0142\u0105czy\u0107 <b>druki A1<\/b>, za okres ,za kt\u00f3ry wnioskujecie Pa\u0144stwo o Kindergeld.\nDokument nale\u017cy pobra\u0107 od pracodawcy lub z ZUS. Jest to potwierdzenie, kt\u00f3remu\nustawodawstwu dotycz\u0105cemu ubezpieczenia spo\u0142ecznego Pan\/Pani podlega \n          <\/li>\n          <li><b>Za\u015bwiadczenie dotycz\u0105ce sk\u0142adu rodziny\n- <\/b>dokument\nnale\u017cy wype\u0142ni\u0107 i podbi\u0107 w biurze meldunkowym, \n          <\/li>\n          <li><b>Za\u015bwiadczenie o nauce w szkole lub na\nwy\u017cszej uczelni \u2013 <\/b>za\u015bwiadczenie nale\u017cy da\u0107 do podbicia w szkole\nlub uczelni, \n          <\/li>\n          <li><b style=\"font-size: 1.125rem; background-color: #ffffff; color: #111111; font-family: 'Open Sans',sans-serif;\">O\u015bwiadczenie o sytuacji dziecka powy\u017cej 18\nroku \u017cycia \u2013 <\/b><span style=\"background-color: #ffffff; color: #111111; font-family: 'Open Sans',sans-serif;\">o\u015bwiadczenie wype\u0142nia i podpisuje dziecko oraz\nwnioskodawca,<\/span>\n          <\/li>\n          <li><b style=\"font-size: 1.125rem; background-color: #ffffff; color: #111111; font-family: 'Open Sans',sans-serif;\">Wniosek<\/b><span style=\"background-color: #ffffff; color: #111111; font-family: 'Open Sans',sans-serif;\"> \/&nbsp;<\/span>\n            <a href=\"#\" class=\"u-active-none u-border-none u-btn u-button-style u-hover-none u-none u-text-palette-1-base u-btn-2\"><span class=\"u-text-palette-2-base\"><b>Antrag\nauf deutsches Kindergeld<\/b><\/span>\n            <\/a><span style=\"background-color: #ffffff; color: #111111; font-family: 'Open Sans',sans-serif;\"> \u2013prosimy\njedynie podpisa\u0107 w pozycji Eigenh\u00e4ndige Unterschrift des Antragstellers \/ der\nAntragstellerin \u2013 podpis wnioskodawcy i obok w pozycji Eigenh\u00e4ndige\nUnterschrift des gemeinsam mit dem Antrag - podpis wsp\u00f3\u0142ma\u0142\u017conka,<\/span>\n          <\/li>\n          <li><b style=\"font-size: 1.125rem; background-color: #ffffff; color: #111111; font-family: 'Open Sans',sans-serif;\">Za\u0142\u0105cznik zagranica \u2013 <\/b><span style=\"background-color: #ffffff; color: #111111; font-family: 'Open Sans',sans-serif;\">prosz\u0119<\/span><b style=\"font-size: 1.125rem; background-color: #ffffff; color: #111111; font-family: 'Open Sans',sans-serif;\"><\/b><span style=\"background-color: #ffffff; color: #111111; font-family: 'Open Sans',sans-serif;\">podpisa\u0107 si\u0119,<\/span>\n          <\/li>\n          <li><b style=\"font-size: 1.125rem; background-color: #ffffff; color: #111111; font-family: 'Open Sans',sans-serif;\">Mi\u0119dzynarodowy akt urodzenia dziecka\/dzieci<\/b><span style=\"background-color: #ffffff; color: #111111; font-family: 'Open Sans',sans-serif;\"> (UWAGA! wa\u017cny jest tylko 3 m-ce) \u2013 nale\u017cy pobra\u0107 z Urz\u0119du Stanu Cywilnego,<\/span>\n          <\/li>\n          <li><b style=\"font-size: 1.125rem; background-color: #ffffff; color: #111111; font-family: 'Open Sans',sans-serif;\">Decyzja o wysoko\u015bci pobieranego \/ lub niepobieranego zasi\u0142ku rodzinnego<\/b><span style=\"background-color: #ffffff; color: #111111; font-family: 'Open Sans',sans-serif;\"><\/span><b style=\"font-size: 1.125rem; background-color: #ffffff; color: #111111; font-family: 'Open Sans',sans-serif;\">lub decyzja z klauzula prawna o braku\nmo\u017cliwo\u015bci pobierania zasi\u0142ku w Polsce<\/b><span style=\"background-color: #ffffff; color: #111111; font-family: 'Open Sans',sans-serif;\">. Nale\u017cy pobra\u0107 z Regionalnego\nO\u015brodka Polityki Spo\u0142ecznej,<\/span>\n          <\/li>\n          <li><b style=\"font-size: 1.125rem; background-color: #ffffff; color: #111111; font-family: 'Open Sans',sans-serif;\"><\/b><b style=\"font-size: 1.125rem; background-color: #ffffff; color: #111111; font-family: 'Open Sans',sans-serif;\">Kopia Bescheid<\/b>\n          <\/li>\n          <li><b>Kopia<\/b> karty podatkowej (Lohnsteuerkarte), \n          <\/li>\n          <li><b>Lohnabrechnungi&nbsp;<\/b>(miesi\u0119czne wydruki o wynagrodzeniu od\npracodawcy) za rok bie\u017c\u0105cy \n          <\/li>\n          <li><span style=\"background-color: #ffffff; color: #111111; font-family: 'Open Sans',sans-serif;\">W\nprzypadku, gdy prowadzisz dzia\u0142alno\u015b\u0107 gospodarcz\u0105 w Niemczech, kopi\u0119 wpisu do\ndzia\u0142alno\u015bci tzw. Gewerbe,<\/span>\n          <\/li>\n          <li><span style=\"background-color: #ffffff; color: #111111; font-family: 'Open Sans',sans-serif;\">Kopia\nzameldowania w Niemczech (<\/span><b style=\"font-size: 1.125rem; background-color: #ffffff; color: #111111; font-family: 'Open Sans',sans-serif;\">Meldebescheinigung<\/b><span style=\"background-color: #ffffff; color: #111111; font-family: 'Open Sans',sans-serif;\">),\nje\u015bli si\u0119 posiada<\/span>\n          <\/li>\n          <li>Kopie\nostatniej decyzji z Kindergeld,<\/li>\n          <li><span style=\"background-color: #ffffff; color: #111111; font-family: 'Open Sans',sans-serif;\">Umowa\no prace dla os\u00f3b rozpoczynaj\u0105cych prace w Niemczech<\/span>\n            <br>\n          <\/li>\n        <\/ol>\n      <\/div>\n    <\/section>\n    <section class=\"u-clearfix u-section-5\" id=\"sec-48dd\">\n      <div class=\"u-clearfix u-sheet u-valign-middle u-sheet-1\">\n        <a href=\"https:\/\/spn-silesia.org\/index.php\/informacje\/\" class=\"u-btn u-button-style u-none u-text-hover-palette-2-base u-text-palette-1-dark-1 u-btn-1\" data-animation-out=\"0\">POWR\u00d3T&nbsp;<span style=\"font-size: 1.125rem;\"><\/span>&nbsp;<span class=\"u-file-icon u-icon u-opacity u-opacity-90 u-text-palette-1-dark-1 u-icon-1\"><img decoding=\"async\" src=\"https:\/\/spn-silesia.org\/wp-content\/uploads\/2024\/11\/06c1ce5e.png\" alt=\"\"><\/span>\n        <\/a>\n        <a href=\"https:\/\/spn-silesia.org\" class=\"u-btn u-button-style u-none u-text-hover-palette-2-base u-text-palette-1-dark-1 u-btn-2\" data-animation-out=\"0\">STRONA G\u0141\u00d3WNA&nbsp;<span style=\"font-size: 1.125rem;\"><\/span>&nbsp;<span class=\"u-file-icon u-icon u-opacity u-opacity-90 u-text-palette-1-dark-1 u-icon-2\"><img decoding=\"async\" src=\"https:\/\/spn-silesia.org\/wp-content\/uploads\/2024\/11\/06c1ce5e.png\" alt=\"\"><\/span>\n        <\/a>\n      <\/div>\n    <\/section>\n    \n    \n    \n  \n","protected":false},"excerpt":{"rendered":"<p>Kindergeld Od stycznia 2018 o Kindergeld mo\u017cna ubiega\u0107 si\u0119 za okres do 6 miesi\u0119cy wstecz DLA KOGO ZASI\u0141EK RODZINNY W NIEMCZECH (KINDERGELD) Zasi\u0142ek rodzinny z Niemiec (Kindergeld), to forma \u015bwiadczenia wyp\u0142acanego przez niemieck\u0105 kas\u0119 rodzinn\u0105 (Familienkasse). Zasi\u0142ek rodzinny przyznawany jest zar\u00f3wno na dzieci rodzone (leibliche Kinder), jak i przysposobione (adoptierte Kinder). Istnieje r\u00f3wnie\u017c mo\u017cliwo\u015b\u0107 otrzymania &hellip; <a href=\"https:\/\/spn-silesia.org\/index.php\/kindergeld\/\" class=\"more-link\">Continue reading<span class=\"screen-reader-text\"> &#8222;Kindergeld&#8221;<\/span><\/a><\/p>\n","protected":false},"author":1,"featured_media":0,"parent":0,"menu_order":6,"comment_status":"closed","ping_status":"closed","template":"","meta":{"footnotes":""},"class_list":["post-43","page","type-page","status-publish","hentry"],"_links":{"self":[{"href":"https:\/\/spn-silesia.org\/index.php\/wp-json\/wp\/v2\/pages\/43","targetHints":{"allow":["GET"]}}],"collection":[{"href":"https:\/\/spn-silesia.org\/index.php\/wp-json\/wp\/v2\/pages"}],"about":[{"href":"https:\/\/spn-silesia.org\/index.php\/wp-json\/wp\/v2\/types\/page"}],"author":[{"embeddable":true,"href":"https:\/\/spn-silesia.org\/index.php\/wp-json\/wp\/v2\/users\/1"}],"replies":[{"embeddable":true,"href":"https:\/\/spn-silesia.org\/index.php\/wp-json\/wp\/v2\/comments?post=43"}],"version-history":[{"count":10,"href":"https:\/\/spn-silesia.org\/index.php\/wp-json\/wp\/v2\/pages\/43\/revisions"}],"predecessor-version":[{"id":166,"href":"https:\/\/spn-silesia.org\/index.php\/wp-json\/wp\/v2\/pages\/43\/revisions\/166"}],"wp:attachment":[{"href":"https:\/\/spn-silesia.org\/index.php\/wp-json\/wp\/v2\/media?parent=43"}],"curies":[{"name":"wp","href":"https:\/\/api.w.org\/{rel}","templated":true}]}}